{"id":290,"date":"2025-10-15T16:00:49","date_gmt":"2025-10-15T16:00:49","guid":{"rendered":"https:\/\/www.parisdisputeresolutionday.com\/mentions-legales\/"},"modified":"2026-04-20T09:12:18","modified_gmt":"2026-04-20T09:12:18","slug":"mentions-legales","status":"publish","type":"page","link":"https:\/\/www.parisdisputeresolutionday.com\/en\/mentions-legales\/","title":{"rendered":"Mentions l\u00e9gales"},"content":{"rendered":"\n<h2 class=\"wp-block-heading\"><strong>Informations l\u00e9gales<\/strong><\/h2>\n\n\n\n<p>Le site&nbsp;<a href=\"https:\/\/www.parisplacededroit.org\/\" target=\"_blank\" rel=\"noreferrer noopener\">https:\/\/www.parisplacededroit.org\/<\/a>&nbsp;est \u00e9dit\u00e9 par Paris Place de Droit op\u00e9rant en tant que SELAS fran\u00e7aise, dont le si\u00e8ge social est situ\u00e9 au 4 rue de Harlay \u2013 75001 Paris, France \u2013 adresse de courrier \u00e9lectronique : contact@parisplacededroit.com.<\/p>\n\n\n\n<p><strong>Le directeur de la publication&nbsp;<\/strong>est M. Jacques Bouyssou.<\/p>\n\n\n\n<p><strong>Le site est h\u00e9berg\u00e9<\/strong>&nbsp;par la soci\u00e9t\u00e9&nbsp;<a href=\"http:\/\/eliott-markus.com\/\" target=\"_blank\" rel=\"noreferrer noopener\"><strong>Eliott &amp; Markus<\/strong><\/a>&nbsp;dont le si\u00e8ge social est situ\u00e9 10, rue Myrha 75018 Paris \u2013 t\u00e9l\u00e9phone 01 53 41 41 96.<strong>Le design, la conception et le d\u00e9veloppement ont \u00e9t\u00e9 r\u00e9alis\u00e9s par l\u2019agence de conseil en communication et marketing&nbsp;<\/strong><a href=\"http:\/\/eliott-markus.com\/\" target=\"_blank\" rel=\"noreferrer noopener\"><strong>Eliott &amp; Markus<\/strong><\/a><strong>.<\/strong><\/p>\n\n\n\n<h2 class=\"wp-block-heading\"><strong>Responsabilit\u00e9<\/strong><\/h2>\n\n\n\n<p>Paris Place de Droit s\u2019engage \u00e0 faire ses meilleurs efforts pour assurer aux utilisateurs une accessibilit\u00e9 du site \u00e0 tout moment. Toutefois, elle ne pourra \u00eatre tenue responsable en cas d\u2019indisponibilit\u00e9 du site, pour quelque cause que ce soit.<\/p>\n\n\n\n<p>L\u2019utilisateur du site reconna\u00eet avoir pris connaissance de la pr\u00e9sente notice l\u00e9gale et s\u2019engage \u00e0 la respecter.<\/p>\n\n\n\n<p>L\u2019utilisateur reconna\u00eet disposer de la comp\u00e9tence et des moyens n\u00e9cessaires pour acc\u00e9der au site et l\u2019utiliser, et reconna\u00eet avoir v\u00e9rifi\u00e9 que la configuration informatique utilis\u00e9e ne contient aucun virus et qu\u2019elle est en parfait \u00e9tat de fonctionnement.<\/p>\n\n\n\n<p>Paris Place de Droit ne peut garantir l\u2019exactitude et la compl\u00e9tude des informations diffus\u00e9es sur son site ni la permanence de son bon fonctionnement ou sa totale s\u00e9curit\u00e9 informatique.<\/p>\n\n\n\n<p>Paris Place de Droit met tout en \u0153uvre pour offrir aux utilisateurs des informations et des outils disponibles et v\u00e9rifi\u00e9s, mais ne saurait \u00eatre tenue responsable des erreurs, d\u2019une absence de disponibilit\u00e9 des informations et\/ou de la pr\u00e9sence de virus ou autres infections logiques sur son site.<\/p>\n\n\n\n<p>Les informations fournies par Paris Place de Droit le sont \u00e0 titre indicatif. Paris Place de Droit ne saurait garantir l\u2019exactitude, la compl\u00e9tude, l\u2019actualit\u00e9 des informations diffus\u00e9es sur le site.<\/p>\n\n\n\n<p>L\u2019utilisateur reconna\u00eet utiliser les informations et outils disponibles sur le site sous sa responsabilit\u00e9 exclusive.<\/p>\n\n\n\n<h2 class=\"wp-block-heading\"><strong>Protection des donn\u00e9es \u00e0 caract\u00e8re personnel<\/strong><\/h2>\n\n\n\n<p>Les modalit\u00e9s de traitement des donn\u00e9es \u00e0 caract\u00e8re personnel sont d\u00e9finies dans la politique de protection des donn\u00e9es pr\u00e9sente sur le site internet.<\/p>\n\n\n\n<h2 class=\"wp-block-heading\"><strong>Propri\u00e9t\u00e9 intellectuelle<\/strong><\/h2>\n\n\n\n<p>Le site&nbsp;<a href=\"https:\/\/www.parisplacededroit.org\/\" target=\"_blank\" rel=\"noreferrer noopener\">https:\/\/www.parisplacededroit.org\/<\/a>&nbsp;pris dans sa globalit\u00e9, ainsi que chacun des \u00e9l\u00e9ments qui le compose pris ind\u00e9pendamment, notamment les programmes et d\u00e9veloppements sp\u00e9cifiques et les contenus incluant des donn\u00e9es, textes, images fixes ou anim\u00e9es, logotypes, sons, graphiques, fichiers, sont la propri\u00e9t\u00e9 exclusive de Paris Place de Droit ou de tiers qui lui ont conc\u00e9d\u00e9 une licence. Toute repr\u00e9sentation totale ou partielle du site ou d\u2019un des \u00e9l\u00e9ments qui le composent sans l\u2019autorisation expresse de Paris Place de Droit est interdite et constituerait une contrefa\u00e7on sanctionn\u00e9e par les<a href=\"https:\/\/www.legifrance.gouv.fr\/affichCode.do;jsessionid=FF2B01E7D6D47582C25D6030CE20B939.tplgfr23s_2?idSectionTA=LEGISCTA000006161658&amp;cidTexte=LEGITEXT000006069414\" target=\"_blank\" rel=\"noreferrer noopener\">&nbsp;articles L.335-2 et suivants du Code de la propri\u00e9t\u00e9 intellectuelle.<\/a><\/p>\n\n\n\n<p>Les bases de donn\u00e9es figurant sur le site sont prot\u00e9g\u00e9es par les<a href=\"https:\/\/www.legifrance.gouv.fr\/affichCode.do;jsessionid=FF2B01E7D6D47582C25D6030CE20B939.tplgfr23s_2?idSectionTA=LEGISCTA000006161660&amp;cidTexte=LEGITEXT000006069414\" target=\"_blank\" rel=\"noreferrer noopener\">&nbsp;articles L.341-1 et suivants du Code de la propri\u00e9t\u00e9 intellectuelle<\/a>&nbsp;et est sanctionn\u00e9e toute extraction ou r\u00e9utilisation qualitativement ou quantitativement substantielle du contenu des bases de donn\u00e9es.<\/p>\n\n\n\n<p>Les marques et les logotypes figurant sur le site sont des marques d\u00e9pos\u00e9es par Paris Place de Droit ou par des tiers. Toute reproduction, imitation ou usage, total ou partiel, de ces signes distinctifs sans l\u2019autorisation expresse et en violation des interdictions pr\u00e9vues aux<a href=\"https:\/\/www.legifrance.gouv.fr\/affichCode.do;jsessionid=FF2B01E7D6D47582C25D6030CE20B939.tplgfr23s_2?idSectionTA=LEGISCTA000006161692&amp;cidTexte=LEGITEXT000006069414\" target=\"_blank\" rel=\"noreferrer noopener\">&nbsp;articles L.713-2 et suivants du Code de la propri\u00e9t\u00e9 intellectuelle<\/a>&nbsp;engage la responsabilit\u00e9 de leur auteur.<\/p>\n\n\n\n<p>Les autres signes distinctifs, notamment les d\u00e9nominations sociales, noms commerciaux, enseignes, noms de domaine reproduits sur le site sont la propri\u00e9t\u00e9 de Paris Place de Droit ou des tiers et toute reproduction sans autorisation expresse est susceptible de constituer une usurpation engageant la responsabilit\u00e9 de son auteur sur le fondement de l\u2019article 1240 du Code civil.<\/p>\n\n\n\n<h2 class=\"wp-block-heading\"><strong>Liens<\/strong><\/h2>\n\n\n\n<p>Paris Place de Droit se r\u00e9serve de supprimer les liens propos\u00e9s par son site vers un site tiers.<\/p>\n\n\n\n<p>Les utilisateurs du site ne peuvent \u00e9tablir de lien profond en direction de ce site sans l\u2019autorisation pr\u00e9alable et \u00e9crite de Paris Place de Droit.<\/p>\n\n\n\n<h2 class=\"wp-block-heading\"><strong>Messagerie \u00e9lectronique professionnelle<\/strong><\/h2>\n\n\n\n<p>Les adresses de courrier \u00e9lectronique de Paris Place de Droit et de chacun de ses membres sont r\u00e9serv\u00e9es \u00e0 un usage professionnel. Les documents professionnels destin\u00e9s \u00e0 Paris Place de Droit doivent \u00eatre adress\u00e9s \u00e0 ces adresses de courrier \u00e9lectronique professionnelles. Dans le cadre du droit \u00e0 une vie priv\u00e9e r\u00e9siduelle au travail, les r\u00e8gles de Paris Place de Droit sont les suivantes :<\/p>\n\n\n\n<ul class=\"wp-block-list\">\n<li>de la messagerie professionnelle pour envoyer ou recevoir des messages priv\u00e9s ne peut \u00eatre effectu\u00e9e que dans les limites du droit \u00e0 une vie priv\u00e9e r\u00e9siduelle au travail ;<\/li>\n\n\n\n<li>l\u2019objet du courrier \u00e9lectronique doit imp\u00e9rativement contenir la mention \u00ab PERSONNEL-PRIV\u00c9 \u00bb ;<\/li>\n\n\n\n<li>\u00e0 d\u00e9faut, le message ne sera pas trait\u00e9 automatiquement comme un courrier \u00e9lectronique priv\u00e9.<\/li>\n<\/ul>\n\n\n\n<h2 class=\"wp-block-heading\"><strong>M\u00e9diateur \u00e0 la consommation<\/strong><\/h2>\n\n\n\n<p>Le client consommateur est inform\u00e9 de la possibilit\u00e9 de recourir, en cas de contestation relative aux conditions g\u00e9n\u00e9rales de prestation Paris Place de Droit, \u00e0 une proc\u00e9dure de m\u00e9diation conventionnelle ou \u00e0 tout autre mode alternatif de r\u00e8glement des diff\u00e9rends.<\/p>\n\n\n\n<p>Le client consommateur est inform\u00e9 que ne peuvent \u00eatre soumis au m\u00e9diateur les litiges pour lesquels, la demande est manifestement infond\u00e9e ou abusive, ou a \u00e9t\u00e9 pr\u00e9c\u00e9demment examin\u00e9e ou est en cours d\u2019examen par un autre m\u00e9diateur ou par un tribunal. Il en est de m\u00eame si le client consommateur a introduit sa demande aupr\u00e8s du m\u00e9diateur dans un d\u00e9lai sup\u00e9rieur \u00e0 un an \u00e0 compter de sa r\u00e9clamation \u00e9crite aupr\u00e8s du cabinet ou si le litige n\u2019entre pas dans le champ de comp\u00e9tence du m\u00e9diateur, ou enfin si le consommateur ne justifie pas avoir tent\u00e9, au pr\u00e9alable, de r\u00e9soudre son litige directement aupr\u00e8s du cabinet par une r\u00e9clamation \u00e9crite.<\/p>\n\n\n\n<p>Paris Place de Droit&nbsp;informe \u00e9galement le client consommateur de l\u2019existence d\u2019une plateforme de R\u00e8glement en Ligne des Litiges (\u00ab RLL \u00bb) \u00e0 laquelle il peut recourir. L\u2019utilisateur peut y acc\u00e9der depuis le lien suivant :&nbsp;<a href=\"http:\/\/ec.europa.eu\/consumers\/odr\/\" target=\"_blank\" rel=\"noreferrer noopener\">http:\/\/ec.europa.eu\/consumers\/odr\/<\/a>.<\/p>\n\n\n\n<h2 class=\"wp-block-heading\"><strong>Loi applicable<\/strong><\/h2>\n\n\n\n<p>Le pr\u00e9sent site est r\u00e9gi par les lois fran\u00e7aises.<\/p>\n\n\n\n<h2 class=\"wp-block-heading\"><strong>Modification<\/strong><\/h2>\n\n\n\n<p>Paris Place de Droit se r\u00e9serve le droit de modifier le contenu de la pr\u00e9sente notice l\u00e9gale \u00e0 tout moment et sans pr\u00e9avis.<\/p>\n\n\n\n<p>L\u2019utilisateur est donc invit\u00e9 \u00e0 la consulter r\u00e9guli\u00e8rement.<\/p>\n","protected":false},"excerpt":{"rendered":"<p>Informations l\u00e9gales Le site&nbsp;https:\/\/www.parisplacededroit.org\/&nbsp;est \u00e9dit\u00e9 par Paris Place de Droit op\u00e9rant en tant que SELAS fran\u00e7aise, dont le si\u00e8ge social est situ\u00e9 au 4 rue de Harlay \u2013 75001 Paris, France \u2013 adresse de courrier \u00e9lectronique : contact@parisplacededroit.com. Le directeur de la publication&nbsp;est M. Jacques Bouyssou. Le site est h\u00e9berg\u00e9&nbsp;par la soci\u00e9t\u00e9&nbsp;Eliott &amp; Markus&nbsp;dont le [&hellip;]<\/p>\n","protected":false},"author":2,"featured_media":0,"parent":0,"menu_order":0,"comment_status":"closed","ping_status":"closed","template":"pages\/mentions-legales.php","meta":{"_acf_changed":false,"footnotes":""},"class_list":["post-290","page","type-page","status-publish","hentry"],"acf":[],"yoast_head":"<!-- This site is optimized with the Yoast SEO plugin v26.2 - https:\/\/yoast.com\/wordpress\/plugins\/seo\/ -->\n<title>Mentions l\u00e9gales - Paris Dispute Resolution Day<\/title>\n<meta name=\"robots\" content=\"index, follow, max-snippet:-1, max-image-preview:large, max-video-preview:-1\" \/>\n<link rel=\"canonical\" href=\"https:\/\/www.parisdisputeresolutionday.com\/en\/mentions-legales\/\" \/>\n<meta property=\"og:locale\" content=\"en_US\" \/>\n<meta property=\"og:type\" content=\"article\" \/>\n<meta property=\"og:title\" content=\"Mentions l\u00e9gales - Paris Dispute Resolution Day\" \/>\n<meta property=\"og:description\" content=\"Informations l\u00e9gales Le site&nbsp;https:\/\/www.parisplacededroit.org\/&nbsp;est \u00e9dit\u00e9 par Paris Place de Droit op\u00e9rant en tant que SELAS fran\u00e7aise, dont le si\u00e8ge social est situ\u00e9 au 4 rue de Harlay \u2013 75001 Paris, France \u2013 adresse de courrier \u00e9lectronique : contact@parisplacededroit.com. Le directeur de la publication&nbsp;est M. Jacques Bouyssou. Le site est h\u00e9berg\u00e9&nbsp;par la soci\u00e9t\u00e9&nbsp;Eliott &amp; Markus&nbsp;dont le [&hellip;]\" \/>\n<meta property=\"og:url\" content=\"https:\/\/www.parisdisputeresolutionday.com\/en\/mentions-legales\/\" \/>\n<meta property=\"og:site_name\" content=\"Paris Dispute Resolution Day\" \/>\n<meta property=\"article:modified_time\" content=\"2026-04-20T09:12:18+00:00\" \/>\n<meta name=\"twitter:card\" content=\"summary_large_image\" \/>\n<meta name=\"twitter:label1\" content=\"Est. reading time\" \/>\n\t<meta name=\"twitter:data1\" content=\"6 minutes\" \/>\n<script type=\"application\/ld+json\" class=\"yoast-schema-graph\">{\"@context\":\"https:\/\/schema.org\",\"@graph\":[{\"@type\":\"WebPage\",\"@id\":\"https:\/\/www.parisdisputeresolutionday.com\/en\/mentions-legales\/\",\"url\":\"https:\/\/www.parisdisputeresolutionday.com\/en\/mentions-legales\/\",\"name\":\"Mentions l\u00e9gales - Paris Dispute Resolution Day\",\"isPartOf\":{\"@id\":\"https:\/\/www.parisdisputeresolutionday.com\/#website\"},\"datePublished\":\"2025-10-15T16:00:49+00:00\",\"dateModified\":\"2026-04-20T09:12:18+00:00\",\"breadcrumb\":{\"@id\":\"https:\/\/www.parisdisputeresolutionday.com\/en\/mentions-legales\/#breadcrumb\"},\"inLanguage\":\"en-US\",\"potentialAction\":[{\"@type\":\"ReadAction\",\"target\":[\"https:\/\/www.parisdisputeresolutionday.com\/en\/mentions-legales\/\"]}]},{\"@type\":\"BreadcrumbList\",\"@id\":\"https:\/\/www.parisdisputeresolutionday.com\/en\/mentions-legales\/#breadcrumb\",\"itemListElement\":[{\"@type\":\"ListItem\",\"position\":1,\"name\":\"Accueil\",\"item\":\"https:\/\/www.parisdisputeresolutionday.com\/en\/\"},{\"@type\":\"ListItem\",\"position\":2,\"name\":\"Mentions l\u00e9gales\"}]},{\"@type\":\"WebSite\",\"@id\":\"https:\/\/www.parisdisputeresolutionday.com\/#website\",\"url\":\"https:\/\/www.parisdisputeresolutionday.com\/\",\"name\":\"Paris Dispute Resolution Day\",\"description\":\"\",\"potentialAction\":[{\"@type\":\"SearchAction\",\"target\":{\"@type\":\"EntryPoint\",\"urlTemplate\":\"https:\/\/www.parisdisputeresolutionday.com\/?s={search_term_string}\"},\"query-input\":{\"@type\":\"PropertyValueSpecification\",\"valueRequired\":true,\"valueName\":\"search_term_string\"}}],\"inLanguage\":\"en-US\"}]}<\/script>\n<!-- \/ Yoast SEO plugin. -->","yoast_head_json":{"title":"Mentions l\u00e9gales - Paris Dispute Resolution Day","robots":{"index":"index","follow":"follow","max-snippet":"max-snippet:-1","max-image-preview":"max-image-preview:large","max-video-preview":"max-video-preview:-1"},"canonical":"https:\/\/www.parisdisputeresolutionday.com\/en\/mentions-legales\/","og_locale":"en_US","og_type":"article","og_title":"Mentions l\u00e9gales - Paris Dispute Resolution Day","og_description":"Informations l\u00e9gales Le site&nbsp;https:\/\/www.parisplacededroit.org\/&nbsp;est \u00e9dit\u00e9 par Paris Place de Droit op\u00e9rant en tant que SELAS fran\u00e7aise, dont le si\u00e8ge social est situ\u00e9 au 4 rue de Harlay \u2013 75001 Paris, France \u2013 adresse de courrier \u00e9lectronique : contact@parisplacededroit.com. Le directeur de la publication&nbsp;est M. Jacques Bouyssou. Le site est h\u00e9berg\u00e9&nbsp;par la soci\u00e9t\u00e9&nbsp;Eliott &amp; Markus&nbsp;dont le [&hellip;]","og_url":"https:\/\/www.parisdisputeresolutionday.com\/en\/mentions-legales\/","og_site_name":"Paris Dispute Resolution Day","article_modified_time":"2026-04-20T09:12:18+00:00","twitter_card":"summary_large_image","twitter_misc":{"Est. reading time":"6 minutes"},"schema":{"@context":"https:\/\/schema.org","@graph":[{"@type":"WebPage","@id":"https:\/\/www.parisdisputeresolutionday.com\/en\/mentions-legales\/","url":"https:\/\/www.parisdisputeresolutionday.com\/en\/mentions-legales\/","name":"Mentions l\u00e9gales - Paris Dispute Resolution Day","isPartOf":{"@id":"https:\/\/www.parisdisputeresolutionday.com\/#website"},"datePublished":"2025-10-15T16:00:49+00:00","dateModified":"2026-04-20T09:12:18+00:00","breadcrumb":{"@id":"https:\/\/www.parisdisputeresolutionday.com\/en\/mentions-legales\/#breadcrumb"},"inLanguage":"en-US","potentialAction":[{"@type":"ReadAction","target":["https:\/\/www.parisdisputeresolutionday.com\/en\/mentions-legales\/"]}]},{"@type":"BreadcrumbList","@id":"https:\/\/www.parisdisputeresolutionday.com\/en\/mentions-legales\/#breadcrumb","itemListElement":[{"@type":"ListItem","position":1,"name":"Accueil","item":"https:\/\/www.parisdisputeresolutionday.com\/en\/"},{"@type":"ListItem","position":2,"name":"Mentions l\u00e9gales"}]},{"@type":"WebSite","@id":"https:\/\/www.parisdisputeresolutionday.com\/#website","url":"https:\/\/www.parisdisputeresolutionday.com\/","name":"Paris Dispute Resolution Day","description":"","potentialAction":[{"@type":"SearchAction","target":{"@type":"EntryPoint","urlTemplate":"https:\/\/www.parisdisputeresolutionday.com\/?s={search_term_string}"},"query-input":{"@type":"PropertyValueSpecification","valueRequired":true,"valueName":"search_term_string"}}],"inLanguage":"en-US"}]}},"_links":{"self":[{"href":"https:\/\/www.parisdisputeresolutionday.com\/en\/wp-json\/wp\/v2\/pages\/290","targetHints":{"allow":["GET"]}}],"collection":[{"href":"https:\/\/www.parisdisputeresolutionday.com\/en\/wp-json\/wp\/v2\/pages"}],"about":[{"href":"https:\/\/www.parisdisputeresolutionday.com\/en\/wp-json\/wp\/v2\/types\/page"}],"author":[{"embeddable":true,"href":"https:\/\/www.parisdisputeresolutionday.com\/en\/wp-json\/wp\/v2\/users\/2"}],"replies":[{"embeddable":true,"href":"https:\/\/www.parisdisputeresolutionday.com\/en\/wp-json\/wp\/v2\/comments?post=290"}],"version-history":[{"count":3,"href":"https:\/\/www.parisdisputeresolutionday.com\/en\/wp-json\/wp\/v2\/pages\/290\/revisions"}],"predecessor-version":[{"id":1176,"href":"https:\/\/www.parisdisputeresolutionday.com\/en\/wp-json\/wp\/v2\/pages\/290\/revisions\/1176"}],"wp:attachment":[{"href":"https:\/\/www.parisdisputeresolutionday.com\/en\/wp-json\/wp\/v2\/media?parent=290"}],"curies":[{"name":"wp","href":"https:\/\/api.w.org\/{rel}","templated":true}]}}